{"id":1547,"date":"2019-01-17T18:13:45","date_gmt":"2019-01-17T17:13:45","guid":{"rendered":"http:\/\/www.derhoecherl.de\/divi\/?page_id=1547"},"modified":"2023-10-04T09:25:48","modified_gmt":"2023-10-04T09:25:48","slug":"impressum","status":"publish","type":"page","link":"https:\/\/www.zahnaerzte-ergolding.de\/index.php\/impressum\/","title":{"rendered":"Impressum"},"content":{"rendered":"<p>[et_pb_section fb_built=&#8221;1&#8243; _builder_version=&#8221;3.19.5&#8243; border_width_top=&#8221;10px&#8221; border_color_top=&#8221;rgba(221,221,221,0.5)&#8221; top_divider_color=&#8221;#ffffff&#8221; top_divider_height=&#8221;29px&#8221; top_divider_repeat=&#8221;2x&#8221; top_divider_arrangement=&#8221;above_content&#8221;][et_pb_row custom_padding=&#8221;||5%|&#8221; _builder_version=&#8221;3.0.105&#8243; background_size=&#8221;initial&#8221; background_position=&#8221;top_left&#8221; background_repeat=&#8221;repeat&#8221;][et_pb_column type=&#8221;1_2&#8243; _builder_version=&#8221;3.0.47&#8243; parallax=&#8221;off&#8221; parallax_method=&#8221;on&#8221;][et_pb_text admin_label=&#8221;Impressum&#8221; _builder_version=&#8221;3.0.105&#8243; text_font=&#8221;Montserrat|300|||||||&#8221; text_font_size=&#8221;14px&#8221; text_text_color=&#8221;#9c9d9f&#8221; header_2_font=&#8221;Montserrat||||||||&#8221; header_2_font_size=&#8221;24px&#8221; header_2_text_color=&#8221;#007fbf&#8221;]<\/p>\n<h2>Impressum<\/h2>\n<p>[\/et_pb_text][\/et_pb_column][et_pb_column type=&#8221;1_2&#8243; _builder_version=&#8221;3.0.47&#8243; parallax=&#8221;off&#8221; parallax_method=&#8221;on&#8221;][\/et_pb_column][\/et_pb_row][et_pb_row _builder_version=&#8221;3.0.47&#8243; background_size=&#8221;initial&#8221; background_position=&#8221;top_left&#8221; background_repeat=&#8221;repeat&#8221;][et_pb_column type=&#8221;4_4&#8243; _builder_version=&#8221;3.0.47&#8243; parallax=&#8221;off&#8221; parallax_method=&#8221;on&#8221;][et_pb_text admin_label=&#8221;liste&#8221; _builder_version=&#8221;3.0.105&#8243; text_font=&#8221;Montserrat|300|||||||&#8221; text_font_size=&#8221;14px&#8221; text_line_height=&#8221;1.5em&#8221; header_font=&#8221;Montserrat||||||||&#8221; header_2_font=&#8221;Montserrat||||||||&#8221; header_2_font_size=&#8221;14px&#8221;]<\/p>\n<p>Angaben gem\u00e4\u00df \u00a7 5 TMG:<\/p>\n<p>Gemeinschaftspraxis<br \/>\nDr. Obermeier, H. Amberger GbR<br \/>\nLandshuter Str. 96<br \/>\n84030 Ergolding<\/p>\n<p>Gesellschafter:<br \/>\nDr. med. dent. Matthias Obermeier, ZA Hermann Amberger<\/p>\n<p><strong>Kontakt:<\/strong><\/p>\n<p>Telefon: 0871 79229<br \/>\nTelefax: 0871 12801<br \/>\nE-Mail: <span id=\"cloak368\"><a href=\"mailto:info@zahnaerzte-ergolding.de\">info@zahnaerzte-ergolding.de<\/a><\/span><\/p>\n<p><strong>Umsatzsteuer-ID:<\/strong><\/p>\n<p>Umsatzsteuer-Identifikationsnummer gem\u00e4\u00df \u00a727 a Umsatzsteuergesetz:<br \/>\n132\/171\/00857<\/p>\n<p><strong>Aufsichtsbeh\u00f6rde:<\/strong><\/p>\n<p>Regierung von Oberbayern Maximilianstra\u00dfe 39, 80538 M\u00fcnchen, <a href=\"http:\/\/www.regierung.oberbayern.bayern.de\/\" target=\"_blank\" rel=\"noopener\">www.regierung.oberbayern.bayern.de<\/a><\/p>\n<p><strong>Zust\u00e4ndige Kammer:<\/strong><\/p>\n<p>Bayrische Landeszahn\u00e4rztekammer<br \/>\nFl\u00f6\u00dfergasse 1<br \/>\n81369 M\u00fcnchen<\/p>\n<p>Kassenzahn\u00e4rztliche Vereinigung Bayerns<br \/>\nFallstra\u00dfe 34<br \/>\n81369 M\u00fcnchen<\/p>\n<p><strong>Berufsbezeichnung:\u00a0<\/strong><br \/>\nZahnarzt (Berufsbezeichnung verliehen in der Bundesrepublik Deutschland)<br \/>\nAngestellte Zahn\u00e4rzte<br \/>\nEs gelten folgende berufsrechtliche Regelungen: Zahnheilkundegesetz \u2022 Heilberufe-Kammergesetz \u2022 Geb\u00fchrenordnung f\u00fcr Zahn\u00e4rzte \u2022 Berufsordnung f\u00fcr Zahn\u00e4rzte<\/p>\n<h2>Quellenangaben f\u00fcr die verwendeten Bilder und Grafiken:<\/h2>\n<p>Logo und Webseitendesign, alle Bilder \u00a9 Stefan Hoecherl<br \/>\n<a href=\"http:\/\/www.derhoecherl.de\" target=\"_blank\" rel=\"noopener\">www.derhoecherl.de<\/a> (Zufallsbilder, Team, Praxis)<\/p>\n<h2>Hinweis auf EU-Streitschlichtung<\/h2>\n<p>Die Europ\u00e4ische Kommission stellt eine Plattform zur Online-Streitbeilegung (OS) bereit:<br \/>\n<a href=\"https:\/\/ec.europa.eu\/consumers\/odr\">https:\/\/ec.europa.eu\/consumers\/odr <\/a><br \/>\nWir weisen aber darauf hin, dass wir nicht bereit sind, uns am Streitbeilegungsverfahren im Rahmen der Europ\u00e4ischen Online-Streitbeilegungs-Plattform zu beteiligen. Nutzen Sie zur Kontaktaufnahme bitte unsere obige E-Mail und Telefonnummer.<\/p>\n<h2>Haftungsausschluss:<\/h2>\n<p><strong>Haftung f\u00fcr Inhalte<\/strong><\/p>\n<p>Die Inhalte unserer Seiten wurden mit gr\u00f6\u00dfter Sorgfalt erstellt. F\u00fcr die Richtigkeit, Vollst\u00e4ndigkeit und Aktualit\u00e4t der Inhalte k\u00f6nnen wir jedoch keine Gew\u00e4hr \u00fcbernehmen. Als Diensteanbieter sind wir gem\u00e4\u00df \u00a7 7 Abs.1 TMG f\u00fcr eigene Inhalte auf diesen Seiten nach den allgemeinen Gesetzen verantwortlich. Nach \u00a7\u00a7 8 bis 10 TMG sind wir als Diensteanbieter jedoch nicht verpflichtet, \u00fcbermittelte oder gespeicherte fremde Informationen zu \u00fcberwachen oder nach Umst\u00e4nden zu forschen, die auf eine rechtswidrige T\u00e4tigkeit hinweisen. Verpflichtungen zur Entfernung oder Sperrung der Nutzung von Informationen nach den allgemeinen Gesetzen bleiben hiervon unber\u00fchrt. Eine diesbez\u00fcgliche Haftung ist jedoch erst ab dem Zeitpunkt der Kenntnis einer konkreten Rechtsverletzung m\u00f6glich. Bei Bekanntwerden von entsprechenden Rechtsverletzungen werden wir diese Inhalte umgehend entfernen.<\/p>\n<p><strong>Haftung f\u00fcr Links<\/strong><\/p>\n<p>Unser Angebot enth\u00e4lt Links zu externen Webseiten Dritter, auf deren Inhalte wir keinen Einfluss haben. Deshalb k\u00f6nnen wir f\u00fcr diese fremden Inhalte auch keine Gew\u00e4hr \u00fcbernehmen. F\u00fcr die Inhalte der verlinkten Seiten ist stets der jeweilige Anbieter oder Betreiber der Seiten verantwortlich. Die verlinkten Seiten wurden zum Zeitpunkt der Verlinkung auf m\u00f6gliche Rechtsverst\u00f6\u00dfe \u00fcberpr\u00fcft. Rechtswidrige Inhalte waren zum Zeitpunkt der Verlinkung nicht erkennbar. Eine permanente inhaltliche Kontrolle der verlinkten Seiten ist jedoch ohne konkrete Anhaltspunkte einer Rechtsverletzung nicht zumutbar. Bei Bekanntwerden von Rechtsverletzungen werden wir derartige Links umgehend entfernen.<\/p>\n<p><strong>Urheberrecht<\/strong><\/p>\n<p>Die durch die Seitenbetreiber erstellten Inhalte und Werke auf diesen Seiten unterliegen dem deutschen Urheberrecht. Die Vervielf\u00e4ltigung, Bearbeitung, Verbreitung und jede Art der Verwertung au\u00dferhalb der Grenzen des Urheberrechtes bed\u00fcrfen der schriftlichen Zustimmung des jeweiligen Autors bzw. Erstellers. Downloads und Kopien dieser Seite sind nur f\u00fcr den privaten, nicht kommerziellen Gebrauch gestattet. Soweit die Inhalte auf dieser Seite nicht vom Betreiber erstellt wurden, werden die Urheberrechte Dritter beachtet. Insbesondere werden Inhalte Dritter als solche gekennzeichnet. Sollten Sie trotzdem auf eine Urheberrechtsverletzung aufmerksam werden, bitten wir um einen entsprechenden Hinweis. Bei Bekanntwerden von Rechtsverletzungen werden wir derartige Inhalte umgehend entfernen.<\/p>\n<p><strong>Datenschutz<\/strong><\/p>\n<p>Die Nutzung unserer Webseite ist in der Regel ohne Angabe personenbezogener Daten m\u00f6glich. Soweit auf unseren Seiten personenbezogene Daten (beispielsweise Name, Anschrift oder eMail-Adressen) erhoben werden, erfolgt dies, soweit m\u00f6glich, stets auf freiwilliger Basis. Diese Daten werden ohne Ihre ausdr\u00fcckliche Zustimmung nicht an Dritte weitergegeben.<\/p>\n<p>Wir weisen darauf hin, dass die Daten\u00fcbertragung im Internet (z.B. bei der Kommunikation per E-Mail) Sicherheitsl\u00fccken aufweisen kann. Ein l\u00fcckenloser Schutz der Daten vor dem Zugriff durch Dritte ist nicht m\u00f6glich.<\/p>\n<p>Der Nutzung von im Rahmen der Impressumspflicht ver\u00f6ffentlichten Kontaktdaten durch Dritte zur \u00dcbersendung von nicht ausdr\u00fccklich angeforderter Werbung und Informationsmaterialien wird hiermit ausdr\u00fccklich widersprochen. Die Betreiber der Seiten behalten sich ausdr\u00fccklich rechtliche Schritte im Falle der unverlangten Zusendung von Werbeinformationen, etwa durch Spam-Mails, vor.<\/p>\n<p>Quelle: <em>Erstellt durch den Impressum-Generator von <a href=\"http:\/\/www.e-recht24.de\/\" target=\"_blank\" rel=\"noopener\">e-recht24.de<\/a> f\u00fcr Freiberufler. Quellverweis: eRecht24 Disclaimer<\/em><\/p>\n<p>[\/et_pb_text][\/et_pb_column][\/et_pb_row][\/et_pb_section]<\/p>\n","protected":false},"excerpt":{"rendered":"<p>[et_pb_section fb_built=&#8221;1&#8243; _builder_version=&#8221;3.19.5&#8243; border_width_top=&#8221;10px&#8221; border_color_top=&#8221;rgba(221,221,221,0.5)&#8221; top_divider_color=&#8221;#ffffff&#8221; top_divider_height=&#8221;29px&#8221; top_divider_repeat=&#8221;2x&#8221; top_divider_arrangement=&#8221;above_content&#8221;][et_pb_row custom_padding=&#8221;||5%|&#8221; _builder_version=&#8221;3.0.105&#8243; background_size=&#8221;initial&#8221; background_position=&#8221;top_left&#8221; background_repeat=&#8221;repeat&#8221;][et_pb_column type=&#8221;1_2&#8243; _builder_version=&#8221;3.0.47&#8243; parallax=&#8221;off&#8221; parallax_method=&#8221;on&#8221;][et_pb_text admin_label=&#8221;Impressum&#8221; _builder_version=&#8221;3.0.105&#8243; text_font=&#8221;Montserrat|300|||||||&#8221; text_font_size=&#8221;14px&#8221; text_text_color=&#8221;#9c9d9f&#8221; header_2_font=&#8221;Montserrat||||||||&#8221; header_2_font_size=&#8221;24px&#8221; header_2_text_color=&#8221;#007fbf&#8221;] Impressum [\/et_pb_text][\/et_pb_column][et_pb_column type=&#8221;1_2&#8243; _builder_version=&#8221;3.0.47&#8243; parallax=&#8221;off&#8221; parallax_method=&#8221;on&#8221;][\/et_pb_column][\/et_pb_row][et_pb_row _builder_version=&#8221;3.0.47&#8243; background_size=&#8221;initial&#8221; background_position=&#8221;top_left&#8221; background_repeat=&#8221;repeat&#8221;][et_pb_column type=&#8221;4_4&#8243; _builder_version=&#8221;3.0.47&#8243; parallax=&#8221;off&#8221; parallax_method=&#8221;on&#8221;][et_pb_text admin_label=&#8221;liste&#8221; _builder_version=&#8221;3.0.105&#8243; text_font=&#8221;Montserrat|300|||||||&#8221; text_font_size=&#8221;14px&#8221; text_line_height=&#8221;1.5em&#8221; header_font=&#8221;Montserrat||||||||&#8221; header_2_font=&#8221;Montserrat||||||||&#8221; header_2_font_size=&#8221;14px&#8221;] Angaben gem\u00e4\u00df \u00a7 5 TMG: Gemeinschaftspraxis Dr. [&hellip;]<\/p>\n","protected":false},"author":1,"featured_media":0,"parent":0,"menu_order":0,"comment_status":"closed","ping_status":"closed","template":"","meta":{"footnotes":""},"class_list":["post-1547","page","type-page","status-publish","hentry"],"_links":{"self":[{"href":"https:\/\/www.zahnaerzte-ergolding.de\/index.php\/wp-json\/wp\/v2\/pages\/1547","targetHints":{"allow":["GET"]}}],"collection":[{"href":"https:\/\/www.zahnaerzte-ergolding.de\/index.php\/wp-json\/wp\/v2\/pages"}],"about":[{"href":"https:\/\/www.zahnaerzte-ergolding.de\/index.php\/wp-json\/wp\/v2\/types\/page"}],"author":[{"embeddable":true,"href":"https:\/\/www.zahnaerzte-ergolding.de\/index.php\/wp-json\/wp\/v2\/users\/1"}],"replies":[{"embeddable":true,"href":"https:\/\/www.zahnaerzte-ergolding.de\/index.php\/wp-json\/wp\/v2\/comments?post=1547"}],"version-history":[{"count":8,"href":"https:\/\/www.zahnaerzte-ergolding.de\/index.php\/wp-json\/wp\/v2\/pages\/1547\/revisions"}],"predecessor-version":[{"id":2185,"href":"https:\/\/www.zahnaerzte-ergolding.de\/index.php\/wp-json\/wp\/v2\/pages\/1547\/revisions\/2185"}],"wp:attachment":[{"href":"https:\/\/www.zahnaerzte-ergolding.de\/index.php\/wp-json\/wp\/v2\/media?parent=1547"}],"curies":[{"name":"wp","href":"https:\/\/api.w.org\/{rel}","templated":true}]}}